{"id":6458,"date":"2025-10-20T14:21:21","date_gmt":"2025-10-20T14:21:21","guid":{"rendered":"https:\/\/avselectronics.sviluppo.spherica.it\/gestion-de-la-temperature\/"},"modified":"2026-01-09T14:39:24","modified_gmt":"2026-01-09T14:39:24","slug":"gestion-de-la-temperature","status":"publish","type":"page","link":"https:\/\/avselectronics.sviluppo.spherica.it\/fr\/produits\/gestion-de-la-temperature\/","title":{"rendered":"Gestion de la temp\u00e9rature"},"content":{"rendered":"\t\t<div data-elementor-type=\"wp-page\" data-elementor-id=\"6458\" class=\"elementor elementor-6458 elementor-5286\" data-elementor-post-type=\"page\">\n\t\t\t\t<div class=\"elementor-element elementor-element-9d698c5 e-con-full e-flex e-con e-parent\" data-id=\"9d698c5\" data-element_type=\"container\" data-e-type=\"container\">\n\t\t<div class=\"elementor-element elementor-element-20b3cd7 e-flex e-con-boxed e-con e-child\" data-id=\"20b3cd7\" data-element_type=\"container\" data-e-type=\"container\" data-settings=\"{&quot;background_background&quot;:&quot;classic&quot;}\">\n\t\t\t\t\t<div class=\"e-con-inner\">\n\t\t<div class=\"elementor-element elementor-element-a1a7705 e-con-full e-flex e-con e-child\" data-id=\"a1a7705\" data-element_type=\"container\" data-e-type=\"container\">\n\t\t\t\t<div class=\"elementor-element elementor-element-60e1e11 elementor-view-default elementor-widget elementor-widget-icon\" data-id=\"60e1e11\" data-element_type=\"widget\" data-e-type=\"widget\" data-widget_type=\"icon.default\">\n\t\t\t\t\t\t\t<div class=\"elementor-icon-wrapper\">\n\t\t\t<div class=\"elementor-icon\">\n\t\t\t<svg xmlns=\"http:\/\/www.w3.org\/2000\/svg\" id=\"Livello_1\" viewBox=\"0 0 1000 1000\"><path class=\"st0\" d=\"M887.3,414.1c9.9,0,17.9-8,17.9-17.9s-8-17.9-17.9-17.9h-33.5v-47.6h33.5c9.9,0,17.9-8,17.9-17.9s-8-17.9-17.9-17.9h-33.5v-40.9c0-29.2-19.6-53.9-46.3-61.7v-38.7c0-39.7-32.3-72-72-72H154.3c-39.7,0-72,32.3-72,72v691.8c0,39.7,32.3,72,72,72h581.2c39.7,0,72-32.3,72-72v-27.4c55.2-8.7,97.6-56.6,97.6-114.2s-19.4-74.7-51.3-96.1v-27h33.5c9.9,0,17.9-8,17.9-17.9s-8-17.9-17.9-17.9h-33.5v-47.6h33.5c9.9,0,17.9-8,17.9-17.9s-8-17.9-17.9-17.9h-33.5v-47.6h33.5ZM735.5,881.6H154.3c-19.9,0-36.1-16.2-36.1-36.1V153.7c0-19.9,16.2-36.1,36.1-36.1h581.2c19.9,0,36.1,16.2,36.1,36.1v38.7c-26.7,7.8-46.3,32.5-46.3,61.7v353.7c-31.9,21.3-51.3,57.2-51.3,96.1,0,57.6,42.4,105.5,97.6,114.2v27.4c0,19.9-16.2,36.1-36.1,36.1ZM869.4,703.9c0,44-35.8,79.9-79.9,79.9s-79.9-35.8-79.9-79.9,16.1-56.3,42-70.3c5.8-3.1,9.4-9.2,9.4-15.7V254.1c0-15.7,12.8-28.6,28.6-28.6s28.6,12.8,28.6,28.6v363.7c0,6.6,3.6,12.6,9.4,15.7,25.9,14,42,40.9,42,70.3Z\"><\/path><path class=\"st0\" d=\"M789.5,663.8c-23.1,0-41.7,19.6-40,43,1.4,19.8,17.4,35.8,37.2,37.1,23.4,1.6,42.9-16.9,42.9-40s-18-40.1-40.1-40.1Z\"><\/path><path class=\"st0\" d=\"M210.3,625.6h133.1c8.9,0,16.1-7.2,16.1-16.1s-7.2-16.1-16.1-16.1h-117v-129.6h117c8.9,0,16.1-7.2,16.1-16.1v-161.7c0-8.9-7.2-16.1-16.1-16.1h-133.1c-8.9,0-16.1,7.2-16.1,16.1s7.2,16.1,16.1,16.1h117v129.6h-117c-8.9,0-16.1,7.2-16.1,16.1v161.7c0,8.9,7.2,16.1,16.1,16.1Z\"><\/path><path class=\"st0\" d=\"M543.8,302.1c8.9,0,16.1-7.2,16.1-16.1s-7.2-16.1-16.1-16.1h-133.1c-8.9,0-16.1,7.2-16.1,16.1v161.7c0,8.9,7.2,16.1,16.1,16.1h117v129.6h-117c-8.9,0-16.1,7.2-16.1,16.1s7.2,16.1,16.1,16.1h133.1c8.9,0,16.1-7.2,16.1-16.1v-161.7c0-8.9-7.2-16.1-16.1-16.1h-117v-129.6h117Z\"><\/path><path class=\"st0\" d=\"M687.3,343.9v-45.9c0-15.3-12.4-27.7-27.7-27.7h-45.9c-15.3,0-27.7,12.4-27.7,27.7v45.9c0,15.3,12.4,27.7,27.7,27.7h45.9c15.3,0,27.7-12.4,27.7-27.7ZM655.9,340.2h-38.4v-38.4h38.4v38.4Z\"><\/path><path class=\"st0\" d=\"M543.8,697.9H210.3c-8.9,0-16.1,7.2-16.1,16.1s7.2,16.1,16.1,16.1h333.5c8.9,0,16.1-7.2,16.1-16.1s-7.2-16.1-16.1-16.1Z\"><\/path><\/svg>\t\t\t<\/div>\n\t\t<\/div>\n\t\t\t\t\t\t<\/div>\n\t\t\t\t<div class=\"elementor-element elementor-element-d550fdd elementor-widget elementor-widget-heading\" data-id=\"d550fdd\" data-element_type=\"widget\" data-e-type=\"widget\" data-widget_type=\"heading.default\">\n\t\t\t\t\t<h2 class=\"elementor-heading-title elementor-size-default\">GESTION DE LA TEMP\u00c9RATURE<\/h2>\t\t\t\t<\/div>\n\t\t\t\t<\/div>\n\t\t\t\t<div class=\"elementor-element elementor-element-6089bb3 elementor-widget elementor-widget-heading\" data-id=\"6089bb3\" data-element_type=\"widget\" data-e-type=\"widget\" data-widget_type=\"heading.default\">\n\t\t\t\t\t<h2 class=\"elementor-heading-title elementor-size-default\">Le confort maximal<br>dans tous les environnements<\/h2>\t\t\t\t<\/div>\n\t\t\t\t<div class=\"elementor-element elementor-element-9dcf6dd elementor-mobile-align-justify elementor-widget elementor-widget-button\" data-id=\"9dcf6dd\" data-element_type=\"widget\" data-e-type=\"widget\" data-widget_type=\"button.default\">\n\t\t\t\t\t\t\t\t\t\t<a class=\"elementor-button elementor-button-link elementor-size-sm\" href=\"#prodottiAntintrusione\">\n\t\t\t\t\t\t<span class=\"elementor-button-content-wrapper\">\n\t\t\t\t\t\t\t\t\t<span class=\"elementor-button-text\">D\u00e9couvrez la gamme de produits AVS<\/span>\n\t\t\t\t\t<\/span>\n\t\t\t\t\t<\/a>\n\t\t\t\t\t\t\t\t<\/div>\n\t\t\t\t\t<\/div>\n\t\t\t\t<\/div>\n\t\t\t\t<\/div>\n\t\t<div class=\"elementor-element elementor-element-2ba0356 e-flex e-con-boxed e-con e-parent\" data-id=\"2ba0356\" data-element_type=\"container\" data-e-type=\"container\">\n\t\t\t\t\t<div class=\"e-con-inner\">\n\t\t<div class=\"elementor-element elementor-element-ab10706 e-con-full e-flex e-con e-child\" data-id=\"ab10706\" data-element_type=\"container\" data-e-type=\"container\">\n\t\t\t\t<div class=\"elementor-element elementor-element-9d0bc22 elementor-widget elementor-widget-heading\" data-id=\"9d0bc22\" data-element_type=\"widget\" data-e-type=\"widget\" data-widget_type=\"heading.default\">\n\t\t\t\t\t<h2 class=\"elementor-heading-title elementor-size-default\">Configurez et g\u00e9rez<br>la temp\u00e9rature par zones. <\/h2>\t\t\t\t<\/div>\n\t\t\t\t<div class=\"elementor-element elementor-element-03c3511 elementor-widget elementor-widget-text-editor\" data-id=\"03c3511\" data-element_type=\"widget\" data-e-type=\"widget\" data-widget_type=\"text-editor.default\">\n\t\t\t\t\t\t\t\t\t<p>Contr\u00f4lez le confort de votre maison en programmant les jours et les horaires, en surveillant les temp\u00e9ratures en temps r\u00e9el dans chaque pi\u00e8ce ou zone, et en visualisant graphiquement la temp\u00e9rature de chaque zone. Vous pouvez le faire via l\u2019application MyAVSAlarm ou directement sur le nouveau thermostat \u00e0 \u00e9cran tactile. Au-del\u00e0 du contr\u00f4le de la temp\u00e9rature, le thermostat g\u00e8re \u00e9galement la r\u00e9gulation via des relais et une sortie analogique 0\u201310\u202fV, et il prend en charge le fonctionnement des ventilo-convecteurs \u00e0 3 vitesses.<\/p>\t\t\t\t\t\t\t\t<\/div>\n\t\t\t\t<\/div>\n\t\t<div class=\"elementor-element elementor-element-b550c06 e-con-full e-flex e-con e-child\" data-id=\"b550c06\" data-element_type=\"container\" data-e-type=\"container\" data-settings=\"{&quot;background_background&quot;:&quot;classic&quot;}\">\n\t\t\t\t<\/div>\n\t\t\t\t\t<\/div>\n\t\t\t\t<\/div>\n\t\t<div class=\"elementor-element elementor-element-4d86997 e-flex e-con-boxed e-con e-parent\" data-id=\"4d86997\" data-element_type=\"container\" data-e-type=\"container\" id=\"prodottiAntintrusione\" data-settings=\"{&quot;background_background&quot;:&quot;classic&quot;}\">\n\t\t\t\t\t<div class=\"e-con-inner\">\n\t\t<div class=\"elementor-element elementor-element-5e06549 e-con-full e-flex e-con e-child\" data-id=\"5e06549\" data-element_type=\"container\" data-e-type=\"container\">\n\t\t\t\t<div class=\"elementor-element elementor-element-abb34d7 elementor-widget elementor-widget-heading\" data-id=\"abb34d7\" data-element_type=\"widget\" data-e-type=\"widget\" data-widget_type=\"heading.default\">\n\t\t\t\t\t<h2 class=\"elementor-heading-title elementor-size-default\">Produits pour la gestion de la temp\u00e9rature<\/h2>\t\t\t\t<\/div>\n\t\t\t\t<\/div>\n\t\t\t\t\t<\/div>\n\t\t\t\t<\/div>\n\t\t<div class=\"elementor-element elementor-element-8f67f38 e-con-full e-flex e-con e-parent\" data-id=\"8f67f38\" data-element_type=\"container\" data-e-type=\"container\" data-settings=\"{&quot;background_background&quot;:&quot;classic&quot;}\">\n\t\t<div class=\"elementor-element elementor-element-ea11cde e-con-full e-flex elementor-invisible e-con e-child\" data-id=\"ea11cde\" data-element_type=\"container\" data-e-type=\"container\" data-settings=\"{&quot;animation&quot;:&quot;fadeInUp&quot;}\">\n\t\t\t\t<div class=\"elementor-element elementor-element-f75adf2 elementor-widget elementor-widget-shortcode\" data-id=\"f75adf2\" data-element_type=\"widget\" data-e-type=\"widget\" data-settings=\"{&quot;motion_fx_motion_fx_scrolling&quot;:&quot;yes&quot;,&quot;sticky&quot;:&quot;top&quot;,&quot;sticky_offset&quot;:150,&quot;sticky_parent&quot;:&quot;yes&quot;,&quot;motion_fx_devices&quot;:[&quot;desktop&quot;,&quot;laptop&quot;,&quot;tablet_extra&quot;,&quot;tablet&quot;,&quot;mobile&quot;],&quot;sticky_on&quot;:[&quot;desktop&quot;,&quot;laptop&quot;,&quot;tablet_extra&quot;,&quot;tablet&quot;,&quot;mobile&quot;],&quot;sticky_effects_offset&quot;:0,&quot;sticky_anchor_link_offset&quot;:0}\" data-widget_type=\"shortcode.default\">\n\t\t\t\t\t\t\t<div class=\"elementor-shortcode\">    <h2>Filtrer<\/h2>\n    <p class=\"family_font_family\">Famille Thermor\u00e9gulation<\/p>\n    <div id=\"related-families-list\">\n                                <div class=\"family-checkbox-item\">\n                <input type=\"checkbox\" id=\"family_1002\" value=\"1002\"\n                    data-slug=\"domotique-automatisation-des-batiments\" >\n                <label for=\"family_1002\">Domotique &amp; automatisation des b\u00e2timents                    (3)<\/label>\n                <!-- <span> (ID: 1002, Slug: domotique-automatisation-des-batiments)<\/span> -->\n            <\/div>\n                                <div class=\"family-checkbox-item\">\n                <input type=\"checkbox\" id=\"family_975\" value=\"975\"\n                    data-slug=\"centrales-de-commande-multifonctions\" >\n                <label for=\"family_975\">Centrales de commande multifonctions                    (4)<\/label>\n                <!-- <span> (ID: 975, Slug: centrales-de-commande-multifonctions)<\/span> -->\n            <\/div>\n                                <div class=\"family-checkbox-item\">\n                <input type=\"checkbox\" id=\"family_993\" value=\"993\"\n                    data-slug=\"claviers-et-commandes\" >\n                <label for=\"family_993\">Claviers et commandes                    (2)<\/label>\n                <!-- <span> (ID: 993, Slug: claviers-et-commandes)<\/span> -->\n            <\/div>\n                                <div class=\"family-checkbox-item\">\n                <input type=\"checkbox\" id=\"family_968\" value=\"968\"\n                    data-slug=\"extensions-du-systeme\" >\n                <label for=\"family_968\">Extensions du syst\u00e8me                    (6)<\/label>\n                <!-- <span> (ID: 968, Slug: extensions-du-systeme)<\/span> -->\n            <\/div>\n                                <div class=\"family-checkbox-item\">\n                <input type=\"checkbox\" id=\"family_980\" value=\"980\"\n                    data-slug=\"dispositifs-sans-fil\" >\n                <label for=\"family_980\">Dispositifs sans fil                    (4)<\/label>\n                <!-- <span> (ID: 980, Slug: dispositifs-sans-fil)<\/span> -->\n            <\/div>\n            <\/div>\n    <div id=\"filter_families\" class=\"avs-button\">\n        <a onclick=\"selectFamilies(event)\" class=\"elementor-button elementor-button-link elementor-size-sm\" href=\"#\">\n            <span class=\"elementor-button-content-wrapper\">\n                <span class=\"elementor-button-text\">Filtrer<\/span>\n            <\/span>\n        <\/a>\n    <\/div>\n    <!-- <input type=\"button\" onclick=\"selectFamilies()\" value=\"Filter Families\" class=\"button\"> -->\n\n    <script>\n        function selectFamilies(e) {\n            e.preventDefault();\n\n            const checkboxes = document.querySelectorAll('#related-families-list input[type=\"checkbox\"]:checked');\n            const selectedIds = Array.from(checkboxes).map(cb => cb.value);\n\n            \/\/ Preserve hash\/anchor from current URL, or use default\n            const hash = window.location.hash || \"#prodottiAntintrusione\";\n            \n            \/\/ Get current URL without query parameters and hash\n            const baseUrl = window.location.href.split('?')[0].split('#')[0];\n\n            \/\/ Build new URL with selected families parameter\n            if (selectedIds.length > 0) {\n                const newUrl = baseUrl + '?selected_families=' + selectedIds.join(',') + hash;\n                window.location.href = newUrl;\n            } else {\n                \/\/ If no families selected, go to base URL without parameters but preserve hash\n                window.location.href = baseUrl + hash;\n            }\n        }\n\n    <\/script>\n    <style>\n        #related-families-list {\n            margin-left: 30px;\n            margin-bottom: 20px;\n            flex-direction: column;\n            gap: 15px;\n            display: flex;\n        }\n\n        #related-families-list input[type=\"checkbox\"] {\n            width: 18px;\n            min-width: 18px;\n            height: 18px;\n        }\n\n        .family-checkbox-item {\n            display: flex;\n            gap: 20px;\n        }\n        \/* #filter_families{\n            display: flex;\n            justify-content: end;\n            max-width: 350px;\n        } *\/\n    <\/style>\n    <\/div>\n\t\t\t\t\t\t<\/div>\n\t\t\t\t<\/div>\n\t\t<div class=\"elementor-element elementor-element-0aee7e2 e-con-full e-flex elementor-invisible e-con e-child\" data-id=\"0aee7e2\" data-element_type=\"container\" data-e-type=\"container\" data-settings=\"{&quot;animation&quot;:&quot;fadeInUp&quot;}\">\n\t\t\t\t<div class=\"elementor-element elementor-element-52bbd55 elementor-widget elementor-widget-shortcode\" data-id=\"52bbd55\" data-element_type=\"widget\" data-e-type=\"widget\" data-widget_type=\"shortcode.default\">\n\t\t\t\t\t\t\t<div class=\"elementor-shortcode\">    <div id=\"families-grid\">\r\n                                <div class=\"elementor-element elementor-element-342ddc3 product_card e-flex e-con-boxed e-con e-parent e-lazyloaded\" data-id=\"342ddc3\" data-element_type=\"container\" data-family-id=\"1014\">\r\n                <div class=\"elementor-element elementor-element-b05eb3a elementor-widget elementor-widget-theme-post-featured-image elementor-widget-image\" data-id=\"b05eb3a\" data-element_type=\"widget\" data-widget_type=\"theme-post-featured-image.default\">\r\n                    <img fetchpriority=\"high\" decoding=\"async\" src=\"https:\/\/avselectronics.sviluppo.spherica.it\/wp-content\/uploads\/2025\/11\/moduli-rs485.png\" alt=\"Modules domotiques RS485\">\r\n                <\/div>\r\n                <div class=\"elementor-element elementor-element-1941923 elementor-widget elementor-widget-theme-post-title elementor-page-title elementor-widget-heading\" data-id=\"1941923\" data-element_type=\"widget\" data-widget_type=\"theme-post-title.default\">\r\n                    <div class=\"elementor-heading-title elementor-size-default\">Modules domotiques RS485<\/div>\r\n                <\/div>\r\n                <div class=\"card-description elementor-shortcode\">\r\n                    Les modules domotiques RS485 permettent l\u2019int\u00e9gration et le contr\u00f4le des dispositifs domotiques via un protocole de communication fiable et largement utilis\u00e9 dans le domaine professionnel.\r\nGr\u00e2ce \u00e0 la communication filaire RS485, ils garantissent stabilit\u00e9, s\u00e9curit\u00e9 des donn\u00e9es et gestion efficace de l\u2019\u00e9clairage, des automatismes et des fonctions de building automation.                <\/div>\r\n                <div style=\"width:100%\" class=\"elementor-element elementor-element-a8901cb avs-button elementor-widget elementor-widget-button\" data-id=\"a8901cb\" data-element_type=\"widget\" data-widget_type=\"button.default\">\r\n                    <a style=\"width:100%\" class=\"elementor-button elementor-button-link elementor-size-sm\" href=\"https:\/\/avselectronics.sviluppo.spherica.it\/fr\/family\/domotique-automatisation-des-batiments\/modules-domotiques-rs485\/\">\r\n                        <span class=\"elementor-button-content-wrapper\">\r\n                            <span class=\"elementor-button-text\">En savoir plus<\/span>\r\n                        <\/span>\r\n                    <\/a>\r\n                <\/div>\r\n            <\/div>\r\n                                <div class=\"elementor-element elementor-element-342ddc3 product_card e-flex e-con-boxed e-con e-parent e-lazyloaded\" data-id=\"342ddc3\" data-element_type=\"container\" data-family-id=\"986\">\r\n                <div class=\"elementor-element elementor-element-b05eb3a elementor-widget elementor-widget-theme-post-featured-image elementor-widget-image\" data-id=\"b05eb3a\" data-element_type=\"widget\" data-widget_type=\"theme-post-featured-image.default\">\r\n                    <img fetchpriority=\"high\" decoding=\"async\" src=\"https:\/\/avselectronics.sviluppo.spherica.it\/wp-content\/uploads\/2025\/09\/ultra_sito_immagini_prodotti_1000x70813.png\" alt=\"Syst\u00e8me Ultra\">\r\n                <\/div>\r\n                <div class=\"elementor-element elementor-element-1941923 elementor-widget elementor-widget-theme-post-title elementor-page-title elementor-widget-heading\" data-id=\"1941923\" data-element_type=\"widget\" data-widget_type=\"theme-post-title.default\">\r\n                    <div class=\"elementor-heading-title elementor-size-default\">Syst\u00e8me Ultra<\/div>\r\n                <\/div>\r\n                <div class=\"card-description elementor-shortcode\">\r\n                    ULTRA, c\u2019est l\u2019Anti-intrusion. ULTRA, c\u2019est la Smart Home. ULTRA, c\u2019est la Vid\u00e9o-v\u00e9rification.\r\nULTRA, c\u2019est la Building Automation.\r\nULTRA, c\u2019est le Contr\u00f4le d\u2019acc\u00e8s. ULTRA, c\u2019est le Cloud !\r\nUltra est un syst\u00e8me modulaire et hybride (filaire et sans fil), compatible IP, BUS et 4G.\r\nUne gamme compl\u00e8te de dispositifs permet d\u2019adapter le syst\u00e8me \u00e0 de multiples exigences d\u2019installation.                <\/div>\r\n                <div style=\"width:100%\" class=\"elementor-element elementor-element-a8901cb avs-button elementor-widget elementor-widget-button\" data-id=\"a8901cb\" data-element_type=\"widget\" data-widget_type=\"button.default\">\r\n                    <a style=\"width:100%\" class=\"elementor-button elementor-button-link elementor-size-sm\" href=\"https:\/\/avselectronics.sviluppo.spherica.it\/fr\/family\/centrales-de-commande-multifonctions\/systeme-ultra\/\">\r\n                        <span class=\"elementor-button-content-wrapper\">\r\n                            <span class=\"elementor-button-text\">En savoir plus<\/span>\r\n                        <\/span>\r\n                    <\/a>\r\n                <\/div>\r\n            <\/div>\r\n                                <div class=\"elementor-element elementor-element-342ddc3 product_card e-flex e-con-boxed e-con e-parent e-lazyloaded\" data-id=\"342ddc3\" data-element_type=\"container\" data-family-id=\"987\">\r\n                <div class=\"elementor-element elementor-element-b05eb3a elementor-widget elementor-widget-theme-post-featured-image elementor-widget-image\" data-id=\"b05eb3a\" data-element_type=\"widget\" data-widget_type=\"theme-post-featured-image.default\">\r\n                    <img fetchpriority=\"high\" decoding=\"async\" src=\"https:\/\/avselectronics.sviluppo.spherica.it\/wp-content\/uploads\/2025\/09\/xgsm-485-pro-4g-starlink-4g-b-1.png\" alt=\"Modules de communication GSM &amp; PSTN\">\r\n                <\/div>\r\n                <div class=\"elementor-element elementor-element-1941923 elementor-widget elementor-widget-theme-post-title elementor-page-title elementor-widget-heading\" data-id=\"1941923\" data-element_type=\"widget\" data-widget_type=\"theme-post-title.default\">\r\n                    <div class=\"elementor-heading-title elementor-size-default\">Modules de communication GSM &amp; PSTN<\/div>\r\n                <\/div>\r\n                <div class=\"card-description elementor-shortcode\">\r\n                    Solutions permettant l\u2019extension du syst\u00e8me XTREAM avec des solutions num\u00e9riques et analogiques, filaires et sans fil, pouvant devenir universelles gr\u00e2ce \u00e0 l\u2019utilisation de composants tiers ou de syst\u00e8mes existants.                <\/div>\r\n                <div style=\"width:100%\" class=\"elementor-element elementor-element-a8901cb avs-button elementor-widget elementor-widget-button\" data-id=\"a8901cb\" data-element_type=\"widget\" data-widget_type=\"button.default\">\r\n                    <a style=\"width:100%\" class=\"elementor-button elementor-button-link elementor-size-sm\" href=\"https:\/\/avselectronics.sviluppo.spherica.it\/fr\/family\/extensions-du-systeme\/modules-de-communication-gsm-pstn\/\">\r\n                        <span class=\"elementor-button-content-wrapper\">\r\n                            <span class=\"elementor-button-text\">En savoir plus<\/span>\r\n                        <\/span>\r\n                    <\/a>\r\n                <\/div>\r\n            <\/div>\r\n                                <div class=\"elementor-element elementor-element-342ddc3 product_card e-flex e-con-boxed e-con e-parent e-lazyloaded\" data-id=\"342ddc3\" data-element_type=\"container\" data-family-id=\"994\">\r\n                <div class=\"elementor-element elementor-element-b05eb3a elementor-widget elementor-widget-theme-post-featured-image elementor-widget-image\" data-id=\"b05eb3a\" data-element_type=\"widget\" data-widget_type=\"theme-post-featured-image.default\">\r\n                    <img fetchpriority=\"high\" decoding=\"async\" src=\"https:\/\/avselectronics.sviluppo.spherica.it\/wp-content\/uploads\/2025\/09\/gruppo-tastiere-e-teleomandi-radio.png\" alt=\"Claviers et commandes sans fil\">\r\n                <\/div>\r\n                <div class=\"elementor-element elementor-element-1941923 elementor-widget elementor-widget-theme-post-title elementor-page-title elementor-widget-heading\" data-id=\"1941923\" data-element_type=\"widget\" data-widget_type=\"theme-post-title.default\">\r\n                    <div class=\"elementor-heading-title elementor-size-default\">Claviers et commandes sans fil<\/div>\r\n                <\/div>\r\n                <div class=\"card-description elementor-shortcode\">\r\n                    Concevoir de beaux claviers, tout en les rendant fiables, tel est notre engagement, car un clavier fait partie int\u00e9grante de l\u2019environnement quotidien.\r\nLa gamme compl\u00e8te de claviers comprend des mod\u00e8les traditionnels avec \u00e9cran et touches en silicone, ainsi que des mod\u00e8les \u00e0 \u00e9cran tactile int\u00e9grant la fonction cadre photo num\u00e9rique.\r\nLes deux familles sont dot\u00e9es de LED de signalisation et de commandes rapides pour l\u2019activation imm\u00e9diate de toutes les fonctions du syst\u00e8me.                <\/div>\r\n                <div style=\"width:100%\" class=\"elementor-element elementor-element-a8901cb avs-button elementor-widget elementor-widget-button\" data-id=\"a8901cb\" data-element_type=\"widget\" data-widget_type=\"button.default\">\r\n                    <a style=\"width:100%\" class=\"elementor-button elementor-button-link elementor-size-sm\" href=\"https:\/\/avselectronics.sviluppo.spherica.it\/fr\/family\/claviers-et-commandes\/claviers-et-commandes-sans-fil\/\">\r\n                        <span class=\"elementor-button-content-wrapper\">\r\n                            <span class=\"elementor-button-text\">En savoir plus<\/span>\r\n                        <\/span>\r\n                    <\/a>\r\n                <\/div>\r\n            <\/div>\r\n                                <div class=\"elementor-element elementor-element-342ddc3 product_card e-flex e-con-boxed e-con e-parent e-lazyloaded\" data-id=\"342ddc3\" data-element_type=\"container\" data-family-id=\"995\">\r\n                <div class=\"elementor-element elementor-element-b05eb3a elementor-widget elementor-widget-theme-post-featured-image elementor-widget-image\" data-id=\"b05eb3a\" data-element_type=\"widget\" data-widget_type=\"theme-post-featured-image.default\">\r\n                    <img fetchpriority=\"high\" decoding=\"async\" src=\"https:\/\/avselectronics.sviluppo.spherica.it\/wp-content\/uploads\/2025\/09\/gruppo-sens-radio-est-dispositivi-radio-1.png\" alt=\"D\u00e9tecteurs ext\u00e9rieurs sans fil\">\r\n                <\/div>\r\n                <div class=\"elementor-element elementor-element-1941923 elementor-widget elementor-widget-theme-post-title elementor-page-title elementor-widget-heading\" data-id=\"1941923\" data-element_type=\"widget\" data-widget_type=\"theme-post-title.default\">\r\n                    <div class=\"elementor-heading-title elementor-size-default\">D\u00e9tecteurs ext\u00e9rieurs sans fil<\/div>\r\n                <\/div>\r\n                <div class=\"card-description elementor-shortcode\">\r\n                    Une large gamme de capteurs ext\u00e9rieurs permettant une protection p\u00e9rim\u00e9trique sans fil.\r\nGr\u00e2ce \u00e0 une technologie innovante, ils d\u00e9tectent avec une extr\u00eame pr\u00e9cision les mouvements dans la zone prot\u00e9g\u00e9e.                <\/div>\r\n                <div style=\"width:100%\" class=\"elementor-element elementor-element-a8901cb avs-button elementor-widget elementor-widget-button\" data-id=\"a8901cb\" data-element_type=\"widget\" data-widget_type=\"button.default\">\r\n                    <a style=\"width:100%\" class=\"elementor-button elementor-button-link elementor-size-sm\" href=\"https:\/\/avselectronics.sviluppo.spherica.it\/fr\/family\/dispositifs-sans-fil\/detecteurs-exterieurs-sans-fil\/\">\r\n                        <span class=\"elementor-button-content-wrapper\">\r\n                            <span class=\"elementor-button-text\">En savoir plus<\/span>\r\n                        <\/span>\r\n                    <\/a>\r\n                <\/div>\r\n            <\/div>\r\n                                <div class=\"elementor-element elementor-element-342ddc3 product_card e-flex e-con-boxed e-con e-parent e-lazyloaded\" data-id=\"342ddc3\" data-element_type=\"container\" data-family-id=\"1009\">\r\n                <div class=\"elementor-element elementor-element-b05eb3a elementor-widget elementor-widget-theme-post-featured-image elementor-widget-image\" data-id=\"b05eb3a\" data-element_type=\"widget\" data-widget_type=\"theme-post-featured-image.default\">\r\n                    <img fetchpriority=\"high\" decoding=\"async\" src=\"https:\/\/avselectronics.sviluppo.spherica.it\/wp-content\/uploads\/2026\/01\/tastiereecomandi-bg.png\" alt=\"Claviers et commandes filaires\">\r\n                <\/div>\r\n                <div class=\"elementor-element elementor-element-1941923 elementor-widget elementor-widget-theme-post-title elementor-page-title elementor-widget-heading\" data-id=\"1941923\" data-element_type=\"widget\" data-widget_type=\"theme-post-title.default\">\r\n                    <div class=\"elementor-heading-title elementor-size-default\">Claviers et commandes filaires<\/div>\r\n                <\/div>\r\n                <div class=\"card-description elementor-shortcode\">\r\n                    Concevoir de beaux claviers, tout en les rendant fiables, tel est notre engagement, car un clavier fait partie int\u00e9grante de l\u2019environnement quotidien.\r\nLa gamme compl\u00e8te de claviers comprend des mod\u00e8les traditionnels avec \u00e9cran et touches en silicone, ainsi que des mod\u00e8les \u00e0 \u00e9cran tactile int\u00e9grant la fonction cadre photo num\u00e9rique.\r\nLes deux familles sont dot\u00e9es de LED de signalisation et de commandes rapides pour l\u2019activation imm\u00e9diate de toutes les fonctions du syst\u00e8me.                <\/div>\r\n                <div style=\"width:100%\" class=\"elementor-element elementor-element-a8901cb avs-button elementor-widget elementor-widget-button\" data-id=\"a8901cb\" data-element_type=\"widget\" data-widget_type=\"button.default\">\r\n                    <a style=\"width:100%\" class=\"elementor-button elementor-button-link elementor-size-sm\" href=\"https:\/\/avselectronics.sviluppo.spherica.it\/fr\/family\/claviers-et-commandes\/claviers-et-commandes-filaires\/\">\r\n                        <span class=\"elementor-button-content-wrapper\">\r\n                            <span class=\"elementor-button-text\">En savoir plus<\/span>\r\n                        <\/span>\r\n                    <\/a>\r\n                <\/div>\r\n            <\/div>\r\n                                <div class=\"elementor-element elementor-element-342ddc3 product_card e-flex e-con-boxed e-con e-parent e-lazyloaded\" data-id=\"342ddc3\" data-element_type=\"container\" data-family-id=\"1015\">\r\n                <div class=\"elementor-element elementor-element-b05eb3a elementor-widget elementor-widget-theme-post-featured-image elementor-widget-image\" data-id=\"b05eb3a\" data-element_type=\"widget\" data-widget_type=\"theme-post-featured-image.default\">\r\n                    <img fetchpriority=\"high\" decoding=\"async\" src=\"https:\/\/avselectronics.sviluppo.spherica.it\/wp-content\/uploads\/2025\/11\/moduli-domotica-modbus.png\" alt=\"Modules domotiques Modbus\">\r\n                <\/div>\r\n                <div class=\"elementor-element elementor-element-1941923 elementor-widget elementor-widget-theme-post-title elementor-page-title elementor-widget-heading\" data-id=\"1941923\" data-element_type=\"widget\" data-widget_type=\"theme-post-title.default\">\r\n                    <div class=\"elementor-heading-title elementor-size-default\">Modules domotiques Modbus<\/div>\r\n                <\/div>\r\n                <div class=\"card-description elementor-shortcode\">\r\n                    Les modules domotiques Modbus permettent l\u2019int\u00e9gration de syst\u00e8mes et de dispositifs compatibles avec le protocole Modbus, norme de r\u00e9f\u00e9rence pour l\u2019automatisation et le contr\u00f4le industriel.\r\nIls permettent une gestion centralis\u00e9e des installations techniques, am\u00e9liorant l\u2019interop\u00e9rabilit\u00e9 entre les syst\u00e8mes de s\u00e9curit\u00e9, d\u2019automatisation et de supervision.                <\/div>\r\n                <div style=\"width:100%\" class=\"elementor-element elementor-element-a8901cb avs-button elementor-widget elementor-widget-button\" data-id=\"a8901cb\" data-element_type=\"widget\" data-widget_type=\"button.default\">\r\n                    <a style=\"width:100%\" class=\"elementor-button elementor-button-link elementor-size-sm\" href=\"https:\/\/avselectronics.sviluppo.spherica.it\/fr\/family\/domotique-automatisation-des-batiments\/modules-domotiques-modbus\/\">\r\n                        <span class=\"elementor-button-content-wrapper\">\r\n                            <span class=\"elementor-button-text\">En savoir plus<\/span>\r\n                        <\/span>\r\n                    <\/a>\r\n                <\/div>\r\n            <\/div>\r\n                                <div class=\"elementor-element elementor-element-342ddc3 product_card e-flex e-con-boxed e-con e-parent e-lazyloaded\" data-id=\"342ddc3\" data-element_type=\"container\" data-family-id=\"996\">\r\n                <div class=\"elementor-element elementor-element-b05eb3a elementor-widget elementor-widget-theme-post-featured-image elementor-widget-image\" data-id=\"b05eb3a\" data-element_type=\"widget\" data-widget_type=\"theme-post-featured-image.default\">\r\n                    <img fetchpriority=\"high\" decoding=\"async\" src=\"https:\/\/avselectronics.sviluppo.spherica.it\/wp-content\/uploads\/2025\/09\/sensori-volumetrici-da-esterno.png\" alt=\"D\u00e9tecteurs ext\u00e9rieurs universels\">\r\n                <\/div>\r\n                <div class=\"elementor-element elementor-element-1941923 elementor-widget elementor-widget-theme-post-title elementor-page-title elementor-widget-heading\" data-id=\"1941923\" data-element_type=\"widget\" data-widget_type=\"theme-post-title.default\">\r\n                    <div class=\"elementor-heading-title elementor-size-default\">D\u00e9tecteurs ext\u00e9rieurs universels<\/div>\r\n                <\/div>\r\n                <div class=\"card-description elementor-shortcode\">\r\n                    Une large gamme de capteurs ext\u00e9rieurs permettant une protection p\u00e9rim\u00e9trique sans fil, transmettant les signaux d\u2019alarme \u00e0 la centrale.\r\nLes capteurs universels permettent \u00e9galement la connexion \u00e0 des \u00e9metteurs radio tiers.                <\/div>\r\n                <div style=\"width:100%\" class=\"elementor-element elementor-element-a8901cb avs-button elementor-widget elementor-widget-button\" data-id=\"a8901cb\" data-element_type=\"widget\" data-widget_type=\"button.default\">\r\n                    <a style=\"width:100%\" class=\"elementor-button elementor-button-link elementor-size-sm\" href=\"https:\/\/avselectronics.sviluppo.spherica.it\/fr\/family\/dispositifs-sans-fil\/detecteurs-exterieurs-universels\/\">\r\n                        <span class=\"elementor-button-content-wrapper\">\r\n                            <span class=\"elementor-button-text\">En savoir plus<\/span>\r\n                        <\/span>\r\n                    <\/a>\r\n                <\/div>\r\n            <\/div>\r\n                                <div class=\"elementor-element elementor-element-342ddc3 product_card e-flex e-con-boxed e-con e-parent e-lazyloaded\" data-id=\"342ddc3\" data-element_type=\"container\" data-family-id=\"997\">\r\n                <div class=\"elementor-element elementor-element-b05eb3a elementor-widget elementor-widget-theme-post-featured-image elementor-widget-image\" data-id=\"b05eb3a\" data-element_type=\"widget\" data-widget_type=\"theme-post-featured-image.default\">\r\n                    <img fetchpriority=\"high\" decoding=\"async\" src=\"https:\/\/avselectronics.sviluppo.spherica.it\/wp-content\/uploads\/2026\/01\/modulodisintesivocali-bg.png\" alt=\"Modules de synth\u00e8se vocale\">\r\n                <\/div>\r\n                <div class=\"elementor-element elementor-element-1941923 elementor-widget elementor-widget-theme-post-title elementor-page-title elementor-widget-heading\" data-id=\"1941923\" data-element_type=\"widget\" data-widget_type=\"theme-post-title.default\">\r\n                    <div class=\"elementor-heading-title elementor-size-default\">Modules de synth\u00e8se vocale<\/div>\r\n                <\/div>\r\n                <div class=\"card-description elementor-shortcode\">\r\n                    Les syst\u00e8mes de synth\u00e8se vocale garantissent s\u00e9curit\u00e9 et confort \u00e0 tout moment.\r\nQue l\u2019on soit \u00e0 la maison, en vacances ou ailleurs, la centrale informe l\u2019utilisateur, par la voix, de ce qui se passe.\r\nLe contr\u00f4le \u00e0 distance du syst\u00e8me via smartphone \u2013 climatisation, \u00e9clairage ext\u00e9rieur, stores, etc. \u2013 est simple et intuitif gr\u00e2ce au guidage vocal.                <\/div>\r\n                <div style=\"width:100%\" class=\"elementor-element elementor-element-a8901cb avs-button elementor-widget elementor-widget-button\" data-id=\"a8901cb\" data-element_type=\"widget\" data-widget_type=\"button.default\">\r\n                    <a style=\"width:100%\" class=\"elementor-button elementor-button-link elementor-size-sm\" href=\"https:\/\/avselectronics.sviluppo.spherica.it\/fr\/family\/extensions-du-systeme\/modules-de-synthese-vocale\/\">\r\n                        <span class=\"elementor-button-content-wrapper\">\r\n                            <span class=\"elementor-button-text\">En savoir plus<\/span>\r\n                        <\/span>\r\n                    <\/a>\r\n                <\/div>\r\n            <\/div>\r\n                                <div class=\"elementor-element elementor-element-342ddc3 product_card e-flex e-con-boxed e-con e-parent e-lazyloaded\" data-id=\"342ddc3\" data-element_type=\"container\" data-family-id=\"999\">\r\n                <div class=\"elementor-element elementor-element-b05eb3a elementor-widget elementor-widget-theme-post-featured-image elementor-widget-image\" data-id=\"b05eb3a\" data-element_type=\"widget\" data-widget_type=\"theme-post-featured-image.default\">\r\n                    <img fetchpriority=\"high\" decoding=\"async\" src=\"https:\/\/avselectronics.sviluppo.spherica.it\/wp-content\/uploads\/2025\/09\/raptor-125-1.png\" alt=\"Syst\u00e8me sans fil Raptor\">\r\n                <\/div>\r\n                <div class=\"elementor-element elementor-element-1941923 elementor-widget elementor-widget-theme-post-title elementor-page-title elementor-widget-heading\" data-id=\"1941923\" data-element_type=\"widget\" data-widget_type=\"theme-post-title.default\">\r\n                    <div class=\"elementor-heading-title elementor-size-default\">Syst\u00e8me sans fil Raptor<\/div>\r\n                <\/div>\r\n                <div class=\"card-description elementor-shortcode\">\r\n                    La gamme RAPTOR utilise une technologie sans fil innovante bidirectionnelle GFSK FM 868 MHz.\r\nLa communication bidirectionnelle entre la centrale et les p\u00e9riph\u00e9riques, associ\u00e9e \u00e0 la fonction DPT (Dynamic Power Transmission), r\u00e9duit la consommation d\u2019\u00e9nergie et prolonge la dur\u00e9e de vie des batteries.\r\nLa s\u00e9curit\u00e9 de la transmission radio est assur\u00e9e par la fonction AFC (Automatic Frequency Control), qui d\u00e9tecte les tentatives de brouillage gr\u00e2ce \u00e0 une supervision continue des dispositifs radio.                <\/div>\r\n                <div style=\"width:100%\" class=\"elementor-element elementor-element-a8901cb avs-button elementor-widget elementor-widget-button\" data-id=\"a8901cb\" data-element_type=\"widget\" data-widget_type=\"button.default\">\r\n                    <a style=\"width:100%\" class=\"elementor-button elementor-button-link elementor-size-sm\" href=\"https:\/\/avselectronics.sviluppo.spherica.it\/fr\/family\/centrales-de-commande-multifonctions\/systeme-sans-fil-raptor\/\">\r\n                        <span class=\"elementor-button-content-wrapper\">\r\n                            <span class=\"elementor-button-text\">En savoir plus<\/span>\r\n                        <\/span>\r\n                    <\/a>\r\n                <\/div>\r\n            <\/div>\r\n                                <div class=\"elementor-element elementor-element-342ddc3 product_card e-flex e-con-boxed e-con e-parent e-lazyloaded\" data-id=\"342ddc3\" data-element_type=\"container\" data-family-id=\"1003\">\r\n                <div class=\"elementor-element elementor-element-b05eb3a elementor-widget elementor-widget-theme-post-featured-image elementor-widget-image\" data-id=\"b05eb3a\" data-element_type=\"widget\" data-widget_type=\"theme-post-featured-image.default\">\r\n                    <img fetchpriority=\"high\" decoding=\"async\" src=\"https:\/\/avselectronics.sviluppo.spherica.it\/wp-content\/uploads\/2025\/11\/moduliDomotici.png\" alt=\"Modules domotiques sans fil\">\r\n                <\/div>\r\n                <div class=\"elementor-element elementor-element-1941923 elementor-widget elementor-widget-theme-post-title elementor-page-title elementor-widget-heading\" data-id=\"1941923\" data-element_type=\"widget\" data-widget_type=\"theme-post-title.default\">\r\n                    <div class=\"elementor-heading-title elementor-size-default\">Modules domotiques sans fil<\/div>\r\n                <\/div>\r\n                <div class=\"card-description elementor-shortcode\">\r\n                    Les modules domotiques radio permettent le contr\u00f4le sans fil des dispositifs \u00e9lectriques, de l\u2019\u00e9clairage, des volets et des charges, garantissant une grande flexibilit\u00e9 d\u2019installation et une int\u00e9gration totale avec les syst\u00e8mes AVS.\r\nGr\u00e2ce \u00e0 la communication bidirectionnelle, au suivi des consommations et \u00e0 la gestion de la temp\u00e9rature, ils offrent un contr\u00f4le avanc\u00e9, une s\u00e9curit\u00e9 op\u00e9rationnelle et des automatisations intelligentes.\r\nCommandables depuis la centrale, l\u2019application ou une t\u00e9l\u00e9commande, ils constituent la solution id\u00e9ale pour des syst\u00e8mes domotiques fiables, \u00e9volutifs et intelligents.                <\/div>\r\n                <div style=\"width:100%\" class=\"elementor-element elementor-element-a8901cb avs-button elementor-widget elementor-widget-button\" data-id=\"a8901cb\" data-element_type=\"widget\" data-widget_type=\"button.default\">\r\n                    <a style=\"width:100%\" class=\"elementor-button elementor-button-link elementor-size-sm\" href=\"https:\/\/avselectronics.sviluppo.spherica.it\/fr\/family\/domotique-automatisation-des-batiments\/modules-domotiques-sans-fil\/\">\r\n                        <span class=\"elementor-button-content-wrapper\">\r\n                            <span class=\"elementor-button-text\">En savoir plus<\/span>\r\n                        <\/span>\r\n                    <\/a>\r\n                <\/div>\r\n            <\/div>\r\n                                <div class=\"elementor-element elementor-element-342ddc3 product_card e-flex e-con-boxed e-con e-parent e-lazyloaded\" data-id=\"342ddc3\" data-element_type=\"container\" data-family-id=\"976\">\r\n                <div class=\"elementor-element elementor-element-b05eb3a elementor-widget elementor-widget-theme-post-featured-image elementor-widget-image\" data-id=\"b05eb3a\" data-element_type=\"widget\" data-widget_type=\"theme-post-featured-image.default\">\r\n                    <img fetchpriority=\"high\" decoding=\"async\" src=\"https:\/\/avselectronics.sviluppo.spherica.it\/wp-content\/uploads\/2026\/02\/capture-gruppo-2-1.png\" alt=\"Capture\">\r\n                <\/div>\r\n                <div class=\"elementor-element elementor-element-1941923 elementor-widget elementor-widget-theme-post-title elementor-page-title elementor-widget-heading\" data-id=\"1941923\" data-element_type=\"widget\" data-widget_type=\"theme-post-title.default\">\r\n                    <div class=\"elementor-heading-title elementor-size-default\">Capture<\/div>\r\n                <\/div>\r\n                <div class=\"card-description elementor-shortcode\">\r\n                    La solution pour votre protection : flexible, performante et compl\u00e8te !\r\n\r\nCAPTURE, enti\u00e8rement con\u00e7ue et fabriqu\u00e9e en Italie, est la gamme modulaire et flexible de centrales de contr\u00f4le, adapt\u00e9e \u00e0 tout type d\u2019installation, des petits aux moyens syst\u00e8mes.\r\nCAPTURE et son application vous offrent toute la s\u00e9curit\u00e9 et la libert\u00e9 que vous souhaitez.                <\/div>\r\n                <div style=\"width:100%\" class=\"elementor-element elementor-element-a8901cb avs-button elementor-widget elementor-widget-button\" data-id=\"a8901cb\" data-element_type=\"widget\" data-widget_type=\"button.default\">\r\n                    <a style=\"width:100%\" class=\"elementor-button elementor-button-link elementor-size-sm\" href=\"https:\/\/avselectronics.sviluppo.spherica.it\/fr\/family\/centrales-de-commande-multifonctions\/capture-fr\/\">\r\n                        <span class=\"elementor-button-content-wrapper\">\r\n                            <span class=\"elementor-button-text\">En savoir plus<\/span>\r\n                        <\/span>\r\n                    <\/a>\r\n                <\/div>\r\n            <\/div>\r\n                                <div class=\"elementor-element elementor-element-342ddc3 product_card e-flex e-con-boxed e-con e-parent e-lazyloaded\" data-id=\"342ddc3\" data-element_type=\"container\" data-family-id=\"981\">\r\n                <div class=\"elementor-element elementor-element-b05eb3a elementor-widget elementor-widget-theme-post-featured-image elementor-widget-image\" data-id=\"b05eb3a\" data-element_type=\"widget\" data-widget_type=\"theme-post-featured-image.default\">\r\n                    <img fetchpriority=\"high\" decoding=\"async\" src=\"https:\/\/avselectronics.sviluppo.spherica.it\/wp-content\/uploads\/2025\/09\/gruppo-sens-radio-int-1.png\" alt=\"D\u00e9tecteurs et contacts int\u00e9rieurs\">\r\n                <\/div>\r\n                <div class=\"elementor-element elementor-element-1941923 elementor-widget elementor-widget-theme-post-title elementor-page-title elementor-widget-heading\" data-id=\"1941923\" data-element_type=\"widget\" data-widget_type=\"theme-post-title.default\">\r\n                    <div class=\"elementor-heading-title elementor-size-default\">D\u00e9tecteurs et contacts int\u00e9rieurs<\/div>\r\n                <\/div>\r\n                <div class=\"card-description elementor-shortcode\">\r\n                    Une large gamme de capteurs et contacts int\u00e9rieurs permettant une protection p\u00e9rim\u00e9trique sans fil, transmettant les signaux d\u2019alarme \u00e0 la centrale.\r\nGr\u00e2ce \u00e0 une technologie innovante, ils d\u00e9tectent avec pr\u00e9cision l\u2019intrusion d\u2019un corps en mouvement dans la zone prot\u00e9g\u00e9e.                <\/div>\r\n                <div style=\"width:100%\" class=\"elementor-element elementor-element-a8901cb avs-button elementor-widget elementor-widget-button\" data-id=\"a8901cb\" data-element_type=\"widget\" data-widget_type=\"button.default\">\r\n                    <a style=\"width:100%\" class=\"elementor-button elementor-button-link elementor-size-sm\" href=\"https:\/\/avselectronics.sviluppo.spherica.it\/fr\/family\/dispositifs-sans-fil\/detecteurs-et-contacts-interieurs\/\">\r\n                        <span class=\"elementor-button-content-wrapper\">\r\n                            <span class=\"elementor-button-text\">En savoir plus<\/span>\r\n                        <\/span>\r\n                    <\/a>\r\n                <\/div>\r\n            <\/div>\r\n                                <div class=\"elementor-element elementor-element-342ddc3 product_card e-flex e-con-boxed e-con e-parent e-lazyloaded\" data-id=\"342ddc3\" data-element_type=\"container\" data-family-id=\"1001\">\r\n                <div class=\"elementor-element elementor-element-b05eb3a elementor-widget elementor-widget-theme-post-featured-image elementor-widget-image\" data-id=\"b05eb3a\" data-element_type=\"widget\" data-widget_type=\"theme-post-featured-image.default\">\r\n                    <img fetchpriority=\"high\" decoding=\"async\" src=\"https:\/\/avselectronics.sviluppo.spherica.it\/wp-content\/uploads\/2025\/10\/eweb.png\" alt=\"Modules r\u00e9seau LAN &amp; Wi-Fi\">\r\n                <\/div>\r\n                <div class=\"elementor-element elementor-element-1941923 elementor-widget elementor-widget-theme-post-title elementor-page-title elementor-widget-heading\" data-id=\"1941923\" data-element_type=\"widget\" data-widget_type=\"theme-post-title.default\">\r\n                    <div class=\"elementor-heading-title elementor-size-default\">Modules r\u00e9seau LAN &amp; Wi-Fi<\/div>\r\n                <\/div>\r\n                <div class=\"card-description elementor-shortcode\">\r\n                    L\u2019interface de communication Eweb permet la connexion r\u00e9seau LAN des centrales et est \u00e9galement disponible en version Wi-Fi.\r\nLes cartes r\u00e9seau permettent \u00e0 l\u2019utilisateur de g\u00e9rer facilement son syst\u00e8me via l\u2019application d\u00e9di\u00e9e MY AVS ALARM.\r\nLes cartes int\u00e8grent \u00e9galement un serveur Web, permettant la gestion de la centrale depuis un PC via un navigateur Internet.                <\/div>\r\n                <div style=\"width:100%\" class=\"elementor-element elementor-element-a8901cb avs-button elementor-widget elementor-widget-button\" data-id=\"a8901cb\" data-element_type=\"widget\" data-widget_type=\"button.default\">\r\n                    <a style=\"width:100%\" class=\"elementor-button elementor-button-link elementor-size-sm\" href=\"https:\/\/avselectronics.sviluppo.spherica.it\/fr\/family\/extensions-du-systeme\/modules-reseau-lan-wi-fi\/\">\r\n                        <span class=\"elementor-button-content-wrapper\">\r\n                            <span class=\"elementor-button-text\">En savoir plus<\/span>\r\n                        <\/span>\r\n                    <\/a>\r\n                <\/div>\r\n            <\/div>\r\n                                <div class=\"elementor-element elementor-element-342ddc3 product_card e-flex e-con-boxed e-con e-parent e-lazyloaded\" data-id=\"342ddc3\" data-element_type=\"container\" data-family-id=\"1013\">\r\n                <div class=\"elementor-element elementor-element-b05eb3a elementor-widget elementor-widget-theme-post-featured-image elementor-widget-image\" data-id=\"b05eb3a\" data-element_type=\"widget\" data-widget_type=\"theme-post-featured-image.default\">\r\n                    <img fetchpriority=\"high\" decoding=\"async\" src=\"https:\/\/avselectronics.sviluppo.spherica.it\/wp-content\/uploads\/2025\/10\/xsat-hp-mini.png\" alt=\"Extension du syst\u00e8me\">\r\n                <\/div>\r\n                <div class=\"elementor-element elementor-element-1941923 elementor-widget elementor-widget-theme-post-title elementor-page-title elementor-widget-heading\" data-id=\"1941923\" data-element_type=\"widget\" data-widget_type=\"theme-post-title.default\">\r\n                    <div class=\"elementor-heading-title elementor-size-default\">Extension du syst\u00e8me<\/div>\r\n                <\/div>\r\n                <div class=\"card-description elementor-shortcode\">\r\n                    Solutions permettant l\u2019extension des syst\u00e8mes d\u2019alarme AVS avec des options num\u00e9riques et analogiques, filaires et sans fil, pouvant \u00eatre universelles, compatibles avec des composants tiers, des syst\u00e8mes existants ou des protocoles propri\u00e9taires.                <\/div>\r\n                <div style=\"width:100%\" class=\"elementor-element elementor-element-a8901cb avs-button elementor-widget elementor-widget-button\" data-id=\"a8901cb\" data-element_type=\"widget\" data-widget_type=\"button.default\">\r\n                    <a style=\"width:100%\" class=\"elementor-button elementor-button-link elementor-size-sm\" href=\"https:\/\/avselectronics.sviluppo.spherica.it\/fr\/family\/extensions-du-systeme\/extension-du-systeme\/\">\r\n                        <span class=\"elementor-button-content-wrapper\">\r\n                            <span class=\"elementor-button-text\">En savoir plus<\/span>\r\n                        <\/span>\r\n                    <\/a>\r\n                <\/div>\r\n            <\/div>\r\n                                <div class=\"elementor-element elementor-element-342ddc3 product_card e-flex e-con-boxed e-con e-parent e-lazyloaded\" data-id=\"342ddc3\" data-element_type=\"container\" data-family-id=\"989\">\r\n                <div class=\"elementor-element elementor-element-b05eb3a elementor-widget elementor-widget-theme-post-featured-image elementor-widget-image\" data-id=\"b05eb3a\" data-element_type=\"widget\" data-widget_type=\"theme-post-featured-image.default\">\r\n                    <img fetchpriority=\"high\" decoding=\"async\" src=\"https:\/\/avselectronics.sviluppo.spherica.it\/wp-content\/uploads\/2025\/09\/sirene-radio-1.png\" alt=\"Sir\u00e8nes sans fil\">\r\n                <\/div>\r\n                <div class=\"elementor-element elementor-element-1941923 elementor-widget elementor-widget-theme-post-title elementor-page-title elementor-widget-heading\" data-id=\"1941923\" data-element_type=\"widget\" data-widget_type=\"theme-post-title.default\">\r\n                    <div class=\"elementor-heading-title elementor-size-default\">Sir\u00e8nes sans fil<\/div>\r\n                <\/div>\r\n                <div class=\"card-description elementor-shortcode\">\r\n                    Sir\u00e8nes ext\u00e9rieures auto-aliment\u00e9es, compactes mais hautement fonctionnelles, disponibles en version radio bidirectionnelle FM 868 MHz.                <\/div>\r\n                <div style=\"width:100%\" class=\"elementor-element elementor-element-a8901cb avs-button elementor-widget elementor-widget-button\" data-id=\"a8901cb\" data-element_type=\"widget\" data-widget_type=\"button.default\">\r\n                    <a style=\"width:100%\" class=\"elementor-button elementor-button-link elementor-size-sm\" href=\"https:\/\/avselectronics.sviluppo.spherica.it\/fr\/family\/dispositifs-sans-fil\/sirenes-sans-fil\/\">\r\n                        <span class=\"elementor-button-content-wrapper\">\r\n                            <span class=\"elementor-button-text\">En savoir plus<\/span>\r\n                        <\/span>\r\n                    <\/a>\r\n                <\/div>\r\n            <\/div>\r\n                                <div class=\"elementor-element elementor-element-342ddc3 product_card e-flex e-con-boxed e-con e-parent e-lazyloaded\" data-id=\"342ddc3\" data-element_type=\"container\" data-family-id=\"998\">\r\n                <div class=\"elementor-element elementor-element-b05eb3a elementor-widget elementor-widget-theme-post-featured-image elementor-widget-image\" data-id=\"b05eb3a\" data-element_type=\"widget\" data-widget_type=\"theme-post-featured-image.default\">\r\n                    <img fetchpriority=\"high\" decoding=\"async\" src=\"https:\/\/avselectronics.sviluppo.spherica.it\/wp-content\/uploads\/2026\/01\/accessori-ultra.png\" alt=\"Accessoires pour syst\u00e8me Ultra\">\r\n                <\/div>\r\n                <div class=\"elementor-element elementor-element-1941923 elementor-widget elementor-widget-theme-post-title elementor-page-title elementor-widget-heading\" data-id=\"1941923\" data-element_type=\"widget\" data-widget_type=\"theme-post-title.default\">\r\n                    <div class=\"elementor-heading-title elementor-size-default\">Accessoires pour syst\u00e8me Ultra<\/div>\r\n                <\/div>\r\n                <div class=\"card-description elementor-shortcode\">\r\n                    Les accessoires ULTRA compl\u00e8tent le syst\u00e8me avec des solutions con\u00e7ues pour garantir une fiabilit\u00e9 maximale, une installation simplifi\u00e9e et une int\u00e9gration parfaite.\r\nChaque composant est pens\u00e9 pour \u00e9tendre les fonctionnalit\u00e9s du syst\u00e8me et s\u2019adapter \u00e0 tous les besoins applicatifs, du r\u00e9sidentiel au professionnel.\r\nTechnologie, compatibilit\u00e9 et robustesse : tout ce qu\u2019il faut pour rendre ULTRA encore plus puissant, flexible et performant.                <\/div>\r\n                <div style=\"width:100%\" class=\"elementor-element elementor-element-a8901cb avs-button elementor-widget elementor-widget-button\" data-id=\"a8901cb\" data-element_type=\"widget\" data-widget_type=\"button.default\">\r\n                    <a style=\"width:100%\" class=\"elementor-button elementor-button-link elementor-size-sm\" href=\"https:\/\/avselectronics.sviluppo.spherica.it\/fr\/family\/centrales-de-commande-multifonctions\/accessoires-pour-systeme-ultra\/\">\r\n                        <span class=\"elementor-button-content-wrapper\">\r\n                            <span class=\"elementor-button-text\">En savoir plus<\/span>\r\n                        <\/span>\r\n                    <\/a>\r\n                <\/div>\r\n            <\/div>\r\n                                <div class=\"elementor-element elementor-element-342ddc3 product_card e-flex e-con-boxed e-con e-parent e-lazyloaded\" data-id=\"342ddc3\" data-element_type=\"container\" data-family-id=\"970\">\r\n                <div class=\"elementor-element elementor-element-b05eb3a elementor-widget elementor-widget-theme-post-featured-image elementor-widget-image\" data-id=\"b05eb3a\" data-element_type=\"widget\" data-widget_type=\"theme-post-featured-image.default\">\r\n                    <img fetchpriority=\"high\" decoding=\"async\" src=\"https:\/\/avselectronics.sviluppo.spherica.it\/wp-content\/uploads\/2025\/10\/gruppo-alimentatori.png\" alt=\"Alimentations auxiliaires\">\r\n                <\/div>\r\n                <div class=\"elementor-element elementor-element-1941923 elementor-widget elementor-widget-theme-post-title elementor-page-title elementor-widget-heading\" data-id=\"1941923\" data-element_type=\"widget\" data-widget_type=\"theme-post-title.default\">\r\n                    <div class=\"elementor-heading-title elementor-size-default\">Alimentations auxiliaires<\/div>\r\n                <\/div>\r\n                <div class=\"card-description elementor-shortcode\">\r\n                    Solutions permettant l\u2019extension du syst\u00e8me XTREAM avec des options num\u00e9riques et analogiques, filaires et sans fil, pouvant \u00e9galement \u00eatre universelles, compatibles avec des composants tiers ou des syst\u00e8mes existants.                <\/div>\r\n                <div style=\"width:100%\" class=\"elementor-element elementor-element-a8901cb avs-button elementor-widget elementor-widget-button\" data-id=\"a8901cb\" data-element_type=\"widget\" data-widget_type=\"button.default\">\r\n                    <a style=\"width:100%\" class=\"elementor-button elementor-button-link elementor-size-sm\" href=\"https:\/\/avselectronics.sviluppo.spherica.it\/fr\/family\/extensions-du-systeme\/alimentations-auxiliaires\/\">\r\n                        <span class=\"elementor-button-content-wrapper\">\r\n                            <span class=\"elementor-button-text\">En savoir plus<\/span>\r\n                        <\/span>\r\n                    <\/a>\r\n                <\/div>\r\n            <\/div>\r\n                                <div class=\"elementor-element elementor-element-342ddc3 product_card e-flex e-con-boxed e-con e-parent e-lazyloaded\" data-id=\"342ddc3\" data-element_type=\"container\" data-family-id=\"969\">\r\n                <div class=\"elementor-element elementor-element-b05eb3a elementor-widget elementor-widget-theme-post-featured-image elementor-widget-image\" data-id=\"b05eb3a\" data-element_type=\"widget\" data-widget_type=\"theme-post-featured-image.default\">\r\n                    <img fetchpriority=\"high\" decoding=\"async\" src=\"https:\/\/avselectronics.sviluppo.spherica.it\/wp-content\/uploads\/2025\/11\/rpt-ws4-1.png\" alt=\"R\u00e9p\u00e9teur de signal\">\r\n                <\/div>\r\n                <div class=\"elementor-element elementor-element-1941923 elementor-widget elementor-widget-theme-post-title elementor-page-title elementor-widget-heading\" data-id=\"1941923\" data-element_type=\"widget\" data-widget_type=\"theme-post-title.default\">\r\n                    <div class=\"elementor-heading-title elementor-size-default\">R\u00e9p\u00e9teur de signal<\/div>\r\n                <\/div>\r\n                <div class=\"card-description elementor-shortcode\">\r\n                    Les r\u00e9p\u00e9teurs de signal sont des dispositifs con\u00e7us pour \u00e9tendre et stabiliser la communication radio dans les syst\u00e8mes de s\u00e9curit\u00e9, garantissant des performances fiables m\u00eame dans des installations complexes ou de grande taille.\r\nAgissant comme un pont entre les dispositifs radio bidirectionnels et la centrale, ils assurent une transmission correcte des signaux, r\u00e9duisant les interf\u00e9rences et les zones d\u2019ombre.                <\/div>\r\n                <div style=\"width:100%\" class=\"elementor-element elementor-element-a8901cb avs-button elementor-widget elementor-widget-button\" data-id=\"a8901cb\" data-element_type=\"widget\" data-widget_type=\"button.default\">\r\n                    <a style=\"width:100%\" class=\"elementor-button elementor-button-link elementor-size-sm\" href=\"https:\/\/avselectronics.sviluppo.spherica.it\/fr\/family\/extensions-du-systeme\/repeteur-de-signal\/\">\r\n                        <span class=\"elementor-button-content-wrapper\">\r\n                            <span class=\"elementor-button-text\">En savoir plus<\/span>\r\n                        <\/span>\r\n                    <\/a>\r\n                <\/div>\r\n            <\/div>\r\n            <\/div>\r\n    \r\n    <style>\r\n        #families-grid {\r\n            display: flex;\r\n            flex-wrap: wrap;\r\n            gap: 20px;\r\n        }\r\n        #families-grid .product_card{\r\n            flex: 0 1 calc(33% - 20px);\r\n            height: 450px;\r\n            flex-direction: column;\r\n            justify-content: space-evenly;\r\n            background-color:var( --e-global-color-e678e2f );\r\n            border-radius: 20px;\r\n            padding: 30px;\r\n        }\r\n        #families-grid .product_card .elementor-heading-title {\r\n            font-family: \"Montserrat\", Sans-serif;\r\n            font-size: 20px;\r\n            font-weight: 700;\r\n            line-height: 1em;\r\n            color: #000000;\r\n        }\r\n        #families-pagination .page-link {\r\n            margin:0 5px; \r\n            padding:5px 10px; s\r\n            border:1px solid #ccc; \r\n            text-decoration:none;\r\n        }\r\n        #families-pagination .page-link.active{\r\n            background:#eee;\r\n        }\r\n        @media screen and (max-width: 1068px) {\r\n            #families-grid .product_card {\r\n                flex: 0 1 calc(50% - 20px);\r\n            }\r\n            \r\n        }\r\n        \r\n    <\/style>\r\n    <\/div>\n\t\t\t\t\t\t<\/div>\n\t\t\t\t<\/div>\n\t\t\t\t<\/div>\n\t\t\t\t<\/div>\n\t\t","protected":false},"excerpt":{"rendered":"<p>GESTION DE LA TEMP\u00c9RATURE Le confort maximaldans tous les environnements D\u00e9couvrez la gamme de produits AVS Configurez et g\u00e9rezla temp\u00e9rature par zones. Contr\u00f4lez le confort de votre maison en programmant les jours et les horaires, en surveillant les temp\u00e9ratures en temps r\u00e9el dans chaque pi\u00e8ce ou zone, et en visualisant graphiquement la temp\u00e9rature de chaque [&hellip;]<\/p>\n","protected":false},"author":1,"featured_media":1302,"parent":6510,"menu_order":0,"comment_status":"closed","ping_status":"closed","template":"elementor_header_footer","meta":{"_acf_changed":false,"footnotes":""},"class_list":["post-6458","page","type-page","status-publish","has-post-thumbnail","hentry"],"acf":[],"yoast_head":"<!-- This site is optimized with the Yoast SEO plugin v27.1.1 - https:\/\/yoast.com\/product\/yoast-seo-wordpress\/ -->\n<title>Gestion de la temp\u00e9rature - AVS Electronics<\/title>\n<meta name=\"robots\" content=\"noindex, follow, max-snippet:-1, max-image-preview:large, max-video-preview:-1\" \/>\n<meta property=\"og:locale\" content=\"fr_FR\" \/>\n<meta property=\"og:type\" content=\"article\" \/>\n<meta property=\"og:title\" content=\"Gestion de la temp\u00e9rature - AVS Electronics\" \/>\n<meta property=\"og:description\" content=\"GESTION DE LA TEMP\u00c9RATURE Le confort maximaldans tous les environnements D\u00e9couvrez la gamme de produits AVS Configurez et g\u00e9rezla temp\u00e9rature par zones. Contr\u00f4lez le confort de votre maison en programmant les jours et les horaires, en surveillant les temp\u00e9ratures en temps r\u00e9el dans chaque pi\u00e8ce ou zone, et en visualisant graphiquement la temp\u00e9rature de chaque [&hellip;]\" \/>\n<meta property=\"og:url\" content=\"https:\/\/avselectronics.sviluppo.spherica.it\/fr\/produits\/gestion-de-la-temperature\/\" \/>\n<meta property=\"og:site_name\" content=\"AVS Electronics\" \/>\n<meta property=\"article:modified_time\" content=\"2026-01-09T14:39:24+00:00\" \/>\n<meta property=\"og:image\" content=\"https:\/\/avselectronics.sviluppo.spherica.it\/wp-content\/uploads\/2025\/07\/noimage-760x460-1.png\" \/>\n\t<meta property=\"og:image:width\" content=\"760\" \/>\n\t<meta property=\"og:image:height\" content=\"460\" \/>\n\t<meta property=\"og:image:type\" content=\"image\/png\" \/>\n<meta name=\"twitter:card\" content=\"summary_large_image\" \/>\n<meta name=\"twitter:label1\" content=\"Dur\u00e9e de lecture estim\u00e9e\" \/>\n\t<meta name=\"twitter:data1\" content=\"1 minute\" \/>\n<script type=\"application\/ld+json\" class=\"yoast-schema-graph\">{\"@context\":\"https:\/\/schema.org\",\"@graph\":[{\"@type\":\"WebPage\",\"@id\":\"https:\/\/avselectronics.sviluppo.spherica.it\/fr\/produits\/gestion-de-la-temperature\/\",\"url\":\"https:\/\/avselectronics.sviluppo.spherica.it\/fr\/produits\/gestion-de-la-temperature\/\",\"name\":\"Gestion de la temp\u00e9rature - AVS Electronics\",\"isPartOf\":{\"@id\":\"https:\/\/avselectronics.sviluppo.spherica.it\/fr\/#website\"},\"primaryImageOfPage\":{\"@id\":\"https:\/\/avselectronics.sviluppo.spherica.it\/fr\/produits\/gestion-de-la-temperature\/#primaryimage\"},\"image\":{\"@id\":\"https:\/\/avselectronics.sviluppo.spherica.it\/fr\/produits\/gestion-de-la-temperature\/#primaryimage\"},\"thumbnailUrl\":\"https:\/\/avselectronics.sviluppo.spherica.it\/wp-content\/uploads\/2025\/07\/noimage-760x460-1.png\",\"datePublished\":\"2025-10-20T14:21:21+00:00\",\"dateModified\":\"2026-01-09T14:39:24+00:00\",\"breadcrumb\":{\"@id\":\"https:\/\/avselectronics.sviluppo.spherica.it\/fr\/produits\/gestion-de-la-temperature\/#breadcrumb\"},\"inLanguage\":\"fr-FR\",\"potentialAction\":[{\"@type\":\"ReadAction\",\"target\":[\"https:\/\/avselectronics.sviluppo.spherica.it\/fr\/produits\/gestion-de-la-temperature\/\"]}]},{\"@type\":\"ImageObject\",\"inLanguage\":\"fr-FR\",\"@id\":\"https:\/\/avselectronics.sviluppo.spherica.it\/fr\/produits\/gestion-de-la-temperature\/#primaryimage\",\"url\":\"https:\/\/avselectronics.sviluppo.spherica.it\/wp-content\/uploads\/2025\/07\/noimage-760x460-1.png\",\"contentUrl\":\"https:\/\/avselectronics.sviluppo.spherica.it\/wp-content\/uploads\/2025\/07\/noimage-760x460-1.png\",\"width\":760,\"height\":460},{\"@type\":\"BreadcrumbList\",\"@id\":\"https:\/\/avselectronics.sviluppo.spherica.it\/fr\/produits\/gestion-de-la-temperature\/#breadcrumb\",\"itemListElement\":[{\"@type\":\"ListItem\",\"position\":1,\"name\":\"\",\"item\":\"https:\/\/avselectronics.sviluppo.spherica.it\/fr\/\"},{\"@type\":\"ListItem\",\"position\":2,\"name\":\"Produits\",\"item\":\"https:\/\/avselectronics.sviluppo.spherica.it\/fr\/produits\/\"},{\"@type\":\"ListItem\",\"position\":3,\"name\":\"Gestion de la temp\u00e9rature\"}]},{\"@type\":\"WebSite\",\"@id\":\"https:\/\/avselectronics.sviluppo.spherica.it\/fr\/#website\",\"url\":\"https:\/\/avselectronics.sviluppo.spherica.it\/fr\/\",\"name\":\"AVS Electronics\",\"description\":\"Sicuri e protetti. Sempre.\",\"publisher\":{\"@id\":\"https:\/\/avselectronics.sviluppo.spherica.it\/fr\/#organization\"},\"potentialAction\":[{\"@type\":\"SearchAction\",\"target\":{\"@type\":\"EntryPoint\",\"urlTemplate\":\"https:\/\/avselectronics.sviluppo.spherica.it\/fr\/?s={search_term_string}\"},\"query-input\":{\"@type\":\"PropertyValueSpecification\",\"valueRequired\":true,\"valueName\":\"search_term_string\"}}],\"inLanguage\":\"fr-FR\"},{\"@type\":\"Organization\",\"@id\":\"https:\/\/avselectronics.sviluppo.spherica.it\/fr\/#organization\",\"name\":\"AVS Electronics\",\"url\":\"https:\/\/avselectronics.sviluppo.spherica.it\/fr\/\",\"logo\":{\"@type\":\"ImageObject\",\"inLanguage\":\"fr-FR\",\"@id\":\"https:\/\/avselectronics.sviluppo.spherica.it\/fr\/#\/schema\/logo\/image\/\",\"url\":\"https:\/\/avselectronics.sviluppo.spherica.it\/wp-content\/uploads\/2025\/08\/AVS_logo.png\",\"contentUrl\":\"https:\/\/avselectronics.sviluppo.spherica.it\/wp-content\/uploads\/2025\/08\/AVS_logo.png\",\"width\":381,\"height\":179,\"caption\":\"AVS Electronics\"},\"image\":{\"@id\":\"https:\/\/avselectronics.sviluppo.spherica.it\/fr\/#\/schema\/logo\/image\/\"}}]}<\/script>\n<!-- \/ Yoast SEO plugin. -->","yoast_head_json":{"title":"Gestion de la temp\u00e9rature - AVS Electronics","robots":{"index":"noindex","follow":"follow","max-snippet":"max-snippet:-1","max-image-preview":"max-image-preview:large","max-video-preview":"max-video-preview:-1"},"og_locale":"fr_FR","og_type":"article","og_title":"Gestion de la temp\u00e9rature - AVS Electronics","og_description":"GESTION DE LA TEMP\u00c9RATURE Le confort maximaldans tous les environnements D\u00e9couvrez la gamme de produits AVS Configurez et g\u00e9rezla temp\u00e9rature par zones. Contr\u00f4lez le confort de votre maison en programmant les jours et les horaires, en surveillant les temp\u00e9ratures en temps r\u00e9el dans chaque pi\u00e8ce ou zone, et en visualisant graphiquement la temp\u00e9rature de chaque [&hellip;]","og_url":"https:\/\/avselectronics.sviluppo.spherica.it\/fr\/produits\/gestion-de-la-temperature\/","og_site_name":"AVS Electronics","article_modified_time":"2026-01-09T14:39:24+00:00","og_image":[{"width":760,"height":460,"url":"https:\/\/avselectronics.sviluppo.spherica.it\/wp-content\/uploads\/2025\/07\/noimage-760x460-1.png","type":"image\/png"}],"twitter_card":"summary_large_image","twitter_misc":{"Dur\u00e9e de lecture estim\u00e9e":"1 minute"},"schema":{"@context":"https:\/\/schema.org","@graph":[{"@type":"WebPage","@id":"https:\/\/avselectronics.sviluppo.spherica.it\/fr\/produits\/gestion-de-la-temperature\/","url":"https:\/\/avselectronics.sviluppo.spherica.it\/fr\/produits\/gestion-de-la-temperature\/","name":"Gestion de la temp\u00e9rature - AVS Electronics","isPartOf":{"@id":"https:\/\/avselectronics.sviluppo.spherica.it\/fr\/#website"},"primaryImageOfPage":{"@id":"https:\/\/avselectronics.sviluppo.spherica.it\/fr\/produits\/gestion-de-la-temperature\/#primaryimage"},"image":{"@id":"https:\/\/avselectronics.sviluppo.spherica.it\/fr\/produits\/gestion-de-la-temperature\/#primaryimage"},"thumbnailUrl":"https:\/\/avselectronics.sviluppo.spherica.it\/wp-content\/uploads\/2025\/07\/noimage-760x460-1.png","datePublished":"2025-10-20T14:21:21+00:00","dateModified":"2026-01-09T14:39:24+00:00","breadcrumb":{"@id":"https:\/\/avselectronics.sviluppo.spherica.it\/fr\/produits\/gestion-de-la-temperature\/#breadcrumb"},"inLanguage":"fr-FR","potentialAction":[{"@type":"ReadAction","target":["https:\/\/avselectronics.sviluppo.spherica.it\/fr\/produits\/gestion-de-la-temperature\/"]}]},{"@type":"ImageObject","inLanguage":"fr-FR","@id":"https:\/\/avselectronics.sviluppo.spherica.it\/fr\/produits\/gestion-de-la-temperature\/#primaryimage","url":"https:\/\/avselectronics.sviluppo.spherica.it\/wp-content\/uploads\/2025\/07\/noimage-760x460-1.png","contentUrl":"https:\/\/avselectronics.sviluppo.spherica.it\/wp-content\/uploads\/2025\/07\/noimage-760x460-1.png","width":760,"height":460},{"@type":"BreadcrumbList","@id":"https:\/\/avselectronics.sviluppo.spherica.it\/fr\/produits\/gestion-de-la-temperature\/#breadcrumb","itemListElement":[{"@type":"ListItem","position":1,"name":"","item":"https:\/\/avselectronics.sviluppo.spherica.it\/fr\/"},{"@type":"ListItem","position":2,"name":"Produits","item":"https:\/\/avselectronics.sviluppo.spherica.it\/fr\/produits\/"},{"@type":"ListItem","position":3,"name":"Gestion de la temp\u00e9rature"}]},{"@type":"WebSite","@id":"https:\/\/avselectronics.sviluppo.spherica.it\/fr\/#website","url":"https:\/\/avselectronics.sviluppo.spherica.it\/fr\/","name":"AVS Electronics","description":"Sicuri e protetti. Sempre.","publisher":{"@id":"https:\/\/avselectronics.sviluppo.spherica.it\/fr\/#organization"},"potentialAction":[{"@type":"SearchAction","target":{"@type":"EntryPoint","urlTemplate":"https:\/\/avselectronics.sviluppo.spherica.it\/fr\/?s={search_term_string}"},"query-input":{"@type":"PropertyValueSpecification","valueRequired":true,"valueName":"search_term_string"}}],"inLanguage":"fr-FR"},{"@type":"Organization","@id":"https:\/\/avselectronics.sviluppo.spherica.it\/fr\/#organization","name":"AVS Electronics","url":"https:\/\/avselectronics.sviluppo.spherica.it\/fr\/","logo":{"@type":"ImageObject","inLanguage":"fr-FR","@id":"https:\/\/avselectronics.sviluppo.spherica.it\/fr\/#\/schema\/logo\/image\/","url":"https:\/\/avselectronics.sviluppo.spherica.it\/wp-content\/uploads\/2025\/08\/AVS_logo.png","contentUrl":"https:\/\/avselectronics.sviluppo.spherica.it\/wp-content\/uploads\/2025\/08\/AVS_logo.png","width":381,"height":179,"caption":"AVS Electronics"},"image":{"@id":"https:\/\/avselectronics.sviluppo.spherica.it\/fr\/#\/schema\/logo\/image\/"}}]}},"_links":{"self":[{"href":"https:\/\/avselectronics.sviluppo.spherica.it\/fr\/wp-json\/wp\/v2\/pages\/6458","targetHints":{"allow":["GET"]}}],"collection":[{"href":"https:\/\/avselectronics.sviluppo.spherica.it\/fr\/wp-json\/wp\/v2\/pages"}],"about":[{"href":"https:\/\/avselectronics.sviluppo.spherica.it\/fr\/wp-json\/wp\/v2\/types\/page"}],"author":[{"embeddable":true,"href":"https:\/\/avselectronics.sviluppo.spherica.it\/fr\/wp-json\/wp\/v2\/users\/1"}],"replies":[{"embeddable":true,"href":"https:\/\/avselectronics.sviluppo.spherica.it\/fr\/wp-json\/wp\/v2\/comments?post=6458"}],"version-history":[{"count":1,"href":"https:\/\/avselectronics.sviluppo.spherica.it\/fr\/wp-json\/wp\/v2\/pages\/6458\/revisions"}],"predecessor-version":[{"id":6463,"href":"https:\/\/avselectronics.sviluppo.spherica.it\/fr\/wp-json\/wp\/v2\/pages\/6458\/revisions\/6463"}],"up":[{"embeddable":true,"href":"https:\/\/avselectronics.sviluppo.spherica.it\/fr\/wp-json\/wp\/v2\/pages\/6510"}],"wp:featuredmedia":[{"embeddable":true,"href":"https:\/\/avselectronics.sviluppo.spherica.it\/fr\/wp-json\/wp\/v2\/media\/1302"}],"wp:attachment":[{"href":"https:\/\/avselectronics.sviluppo.spherica.it\/fr\/wp-json\/wp\/v2\/media?parent=6458"}],"curies":[{"name":"wp","href":"https:\/\/api.w.org\/{rel}","templated":true}]}}